{"id":7832,"date":"2024-08-25T15:23:32","date_gmt":"2024-08-25T15:23:32","guid":{"rendered":"https:\/\/side-car.ca\/?post_type=realisation&#038;p=7832"},"modified":"2024-12-13T10:53:52","modified_gmt":"2024-12-13T15:53:52","slug":"montreal-auto-prix","status":"publish","type":"realisation","link":"https:\/\/side-car.ca\/fr\/realisation\/montreal-auto-prix\/","title":{"rendered":"Montr\u00e9al Auto Prix"},"content":{"rendered":"\t\t<div data-elementor-type=\"wp-post\" data-elementor-id=\"7832\" class=\"elementor elementor-7832\" data-elementor-post-type=\"realisation\">\n\t\t\t\t<div class=\"elementor-element elementor-element-5de42d0 e-flex e-con-boxed e-con e-parent\" data-id=\"5de42d0\" data-element_type=\"container\" data-settings=\"{&quot;background_background&quot;:&quot;classic&quot;}\">\n\t\t\t\t\t<div class=\"e-con-inner\">\n\t\t\t\t<div class=\"elementor-element elementor-element-de9e9fd elementor-invisible elementor-widget elementor-widget-image\" data-id=\"de9e9fd\" data-element_type=\"widget\" data-settings=\"{&quot;_animation&quot;:&quot;fadeInUp&quot;,&quot;_animation_delay&quot;:250}\" data-widget_type=\"image.default\">\n\t\t\t\t<div class=\"elementor-widget-container\">\n\t\t\t\t\t\t\t\t\t\t\t\t\t<img decoding=\"async\" width=\"165\" height=\"144\" src=\"https:\/\/side-car.ca\/wp-content\/uploads\/2024\/08\/auto-prix.png\" class=\"attachment-medium_large size-medium_large wp-image-7833\" alt=\"\" \/>\t\t\t\t\t\t\t\t\t\t\t\t\t<\/div>\n\t\t\t\t<\/div>\n\t\t\t\t\t<\/div>\n\t\t\t\t<\/div>\n\t\t<div class=\"elementor-element elementor-element-70a9a58 e-flex e-con-boxed e-con e-parent\" data-id=\"70a9a58\" data-element_type=\"container\">\n\t\t\t\t\t<div class=\"e-con-inner\">\n\t\t\t\t<div class=\"elementor-element elementor-element-1a65c4b elementor-widget elementor-widget-heading\" data-id=\"1a65c4b\" data-element_type=\"widget\" data-widget_type=\"heading.default\">\n\t\t\t\t<div class=\"elementor-widget-container\">\n\t\t\t<h2 class=\"elementor-heading-title elementor-size-default\">Un cas \u00e0 succ\u00e8s<\/h2>\t\t<\/div>\n\t\t\t\t<\/div>\n\t\t\t\t<div class=\"elementor-element elementor-element-f4db3b3 elementor-widget elementor-widget-text-editor\" data-id=\"f4db3b3\" data-element_type=\"widget\" data-widget_type=\"text-editor.default\">\n\t\t\t\t<div class=\"elementor-widget-container\">\n\t\t\t\t\t\t\t<p>Depuis plus de 13 ans, Side-Car s\u2019occupe de l\u2019image de marque de Montr\u00e9al Auto Prix. Les diff\u00e9rents ambassadeurs, dont Patrice Lemieux et Georges Laraque qui se sont succ\u00e9d\u00e9 pour faire conna\u00eetre ce d\u00e9taillant automobile, auront contribu\u00e9 \u00e0 propulser la<br \/>notori\u00e9t\u00e9 de la marque de Montr\u00e9al Auto Prix au sommet dans son industrie et \u00e0 \u00eatre cit\u00e9 dans le livre \u00abLe code Qu\u00e9bec\u00bb.<\/p>\t\t\t\t\t\t<\/div>\n\t\t\t\t<\/div>\n\t\t\t\t\t<\/div>\n\t\t\t\t<\/div>\n\t\t<div class=\"elementor-element elementor-element-d4d4067 e-con-full e-flex e-con e-parent\" data-id=\"d4d4067\" data-element_type=\"container\">\n\t\t\t\t<div class=\"elementor-element elementor-element-873efa9 elementor-widget elementor-widget-image\" data-id=\"873efa9\" data-element_type=\"widget\" data-widget_type=\"image.default\">\n\t\t\t\t<div class=\"elementor-widget-container\">\n\t\t\t\t\t\t\t\t\t\t\t\t\t<img fetchpriority=\"high\" decoding=\"async\" width=\"1920\" height=\"1293\" src=\"https:\/\/side-car.ca\/wp-content\/uploads\/2024\/08\/Group-101404.png\" class=\"attachment-full size-full wp-image-8514\" alt=\"\" srcset=\"https:\/\/side-car.ca\/wp-content\/uploads\/2024\/08\/Group-101404.png 1920w, https:\/\/side-car.ca\/wp-content\/uploads\/2024\/08\/Group-101404-300x202.png 300w, https:\/\/side-car.ca\/wp-content\/uploads\/2024\/08\/Group-101404-1024x690.png 1024w, https:\/\/side-car.ca\/wp-content\/uploads\/2024\/08\/Group-101404-768x517.png 768w, https:\/\/side-car.ca\/wp-content\/uploads\/2024\/08\/Group-101404-1536x1034.png 1536w\" sizes=\"(max-width: 1920px) 100vw, 1920px\" \/>\t\t\t\t\t\t\t\t\t\t\t\t\t<\/div>\n\t\t\t\t<\/div>\n\t\t\t\t<div class=\"elementor-element elementor-element-efbc176 elementor-widget elementor-widget-image\" data-id=\"efbc176\" data-element_type=\"widget\" data-widget_type=\"image.default\">\n\t\t\t\t<div class=\"elementor-widget-container\">\n\t\t\t\t\t\t\t\t\t\t\t\t\t<img decoding=\"async\" width=\"1920\" height=\"960\" src=\"https:\/\/side-car.ca\/wp-content\/uploads\/2024\/08\/MAP_LARAQUE.jpeg\" class=\"attachment-full size-full wp-image-8509\" alt=\"\" srcset=\"https:\/\/side-car.ca\/wp-content\/uploads\/2024\/08\/MAP_LARAQUE.jpeg 1920w, https:\/\/side-car.ca\/wp-content\/uploads\/2024\/08\/MAP_LARAQUE-300x150.jpeg 300w, https:\/\/side-car.ca\/wp-content\/uploads\/2024\/08\/MAP_LARAQUE-1024x512.jpeg 1024w, https:\/\/side-car.ca\/wp-content\/uploads\/2024\/08\/MAP_LARAQUE-768x384.jpeg 768w, https:\/\/side-car.ca\/wp-content\/uploads\/2024\/08\/MAP_LARAQUE-1536x768.jpeg 1536w\" sizes=\"(max-width: 1920px) 100vw, 1920px\" \/>\t\t\t\t\t\t\t\t\t\t\t\t\t<\/div>\n\t\t\t\t<\/div>\n\t\t\t\t<div class=\"elementor-element elementor-element-10ec13c elementor-widget elementor-widget-image\" data-id=\"10ec13c\" data-element_type=\"widget\" data-widget_type=\"image.default\">\n\t\t\t\t<div class=\"elementor-widget-container\">\n\t\t\t\t\t\t\t\t\t\t\t\t\t<img loading=\"lazy\" decoding=\"async\" width=\"1920\" height=\"960\" src=\"https:\/\/side-car.ca\/wp-content\/uploads\/2024\/08\/mtl-carte.jpeg\" class=\"attachment-full size-full wp-image-8510\" alt=\"\" srcset=\"https:\/\/side-car.ca\/wp-content\/uploads\/2024\/08\/mtl-carte.jpeg 1920w, https:\/\/side-car.ca\/wp-content\/uploads\/2024\/08\/mtl-carte-300x150.jpeg 300w, https:\/\/side-car.ca\/wp-content\/uploads\/2024\/08\/mtl-carte-1024x512.jpeg 1024w, https:\/\/side-car.ca\/wp-content\/uploads\/2024\/08\/mtl-carte-768x384.jpeg 768w, https:\/\/side-car.ca\/wp-content\/uploads\/2024\/08\/mtl-carte-1536x768.jpeg 1536w\" sizes=\"(max-width: 1920px) 100vw, 1920px\" \/>\t\t\t\t\t\t\t\t\t\t\t\t\t<\/div>\n\t\t\t\t<\/div>\n\t\t\t\t<\/div>\n\t\t<div class=\"elementor-element elementor-element-575ea91 e-grid e-con-boxed e-con e-parent\" data-id=\"575ea91\" data-element_type=\"container\" data-settings=\"{&quot;background_background&quot;:&quot;classic&quot;}\">\n\t\t\t\t\t<div class=\"e-con-inner\">\n\t\t\t\t<div class=\"elementor-element elementor-element-ca118a4 elementor-widget elementor-widget-video\" data-id=\"ca118a4\" data-element_type=\"widget\" data-settings=\"{&quot;show_image_overlay&quot;:&quot;yes&quot;,&quot;image_overlay&quot;:{&quot;url&quot;:&quot;https:\\\/\\\/side-car.ca\\\/wp-content\\\/uploads\\\/2024\\\/08\\\/Patrice-Lemieux-Montreal-Auto-Prix-Lequilibre.jpeg&quot;,&quot;id&quot;:8511,&quot;size&quot;:&quot;&quot;,&quot;alt&quot;:&quot;&quot;,&quot;source&quot;:&quot;library&quot;},&quot;lightbox&quot;:&quot;yes&quot;,&quot;video_type&quot;:&quot;hosted&quot;}\" data-widget_type=\"video.default\">\n\t\t\t\t<div class=\"elementor-widget-container\">\n\t\t\t\t\t<div class=\"e-hosted-video elementor-wrapper elementor-open-lightbox\">\n\t\t\t\t\t\t\t<div class=\"elementor-custom-embed-image-overlay\" data-elementor-open-lightbox=\"yes\" data-elementor-lightbox=\"{&quot;type&quot;:&quot;video&quot;,&quot;videoType&quot;:&quot;hosted&quot;,&quot;url&quot;:&quot;https:\\\/\\\/side-car.ca\\\/wp-content\\\/uploads\\\/2024\\\/10\\\/Patrice-Lemieux-Montreal-Auto-Prix-Lequilibre.mp4&quot;,&quot;autoplay&quot;:&quot;&quot;,&quot;modalOptions&quot;:{&quot;id&quot;:&quot;elementor-lightbox-ca118a4&quot;,&quot;entranceAnimation&quot;:&quot;&quot;,&quot;entranceAnimation_tablet&quot;:&quot;&quot;,&quot;entranceAnimation_mobile&quot;:&quot;&quot;,&quot;videoAspectRatio&quot;:&quot;169&quot;},&quot;videoParams&quot;:{&quot;preload&quot;:&quot;metadata&quot;,&quot;controlsList&quot;:&quot;nodownload&quot;,&quot;poster&quot;:&quot;https:\\\/\\\/side-car.ca\\\/wp-content\\\/uploads\\\/2024\\\/08\\\/Patrice-Lemieux-Montreal-Auto-Prix-Lequilibre.jpeg&quot;}}\" data-e-action-hash=\"#elementor-action%3Aaction%3Dlightbox%26settings%3DeyJ0eXBlIjoidmlkZW8iLCJ2aWRlb1R5cGUiOiJob3N0ZWQiLCJ1cmwiOiJodHRwczpcL1wvc2lkZS1jYXIuY2FcL3dwLWNvbnRlbnRcL3VwbG9hZHNcLzIwMjRcLzEwXC9QYXRyaWNlLUxlbWlldXgtTW9udHJlYWwtQXV0by1Qcml4LUxlcXVpbGlicmUubXA0IiwiYXV0b3BsYXkiOiIiLCJtb2RhbE9wdGlvbnMiOnsiaWQiOiJlbGVtZW50b3ItbGlnaHRib3gtY2ExMThhNCIsImVudHJhbmNlQW5pbWF0aW9uIjoiIiwiZW50cmFuY2VBbmltYXRpb25fdGFibGV0IjoiIiwiZW50cmFuY2VBbmltYXRpb25fbW9iaWxlIjoiIiwidmlkZW9Bc3BlY3RSYXRpbyI6IjE2OSJ9LCJ2aWRlb1BhcmFtcyI6eyJwcmVsb2FkIjoibWV0YWRhdGEiLCJjb250cm9sc0xpc3QiOiJub2Rvd25sb2FkIiwicG9zdGVyIjoiaHR0cHM6XC9cL3NpZGUtY2FyLmNhXC93cC1jb250ZW50XC91cGxvYWRzXC8yMDI0XC8wOFwvUGF0cmljZS1MZW1pZXV4LU1vbnRyZWFsLUF1dG8tUHJpeC1MZXF1aWxpYnJlLmpwZWcifX0%3D\">\n\t\t\t\t\t\t\t\t\t\t\t<img loading=\"lazy\" decoding=\"async\" width=\"848\" height=\"477\" src=\"https:\/\/side-car.ca\/wp-content\/uploads\/2024\/08\/Patrice-Lemieux-Montreal-Auto-Prix-Lequilibre.jpeg\" class=\"attachment-full size-full wp-image-8511\" alt=\"\" srcset=\"https:\/\/side-car.ca\/wp-content\/uploads\/2024\/08\/Patrice-Lemieux-Montreal-Auto-Prix-Lequilibre.jpeg 848w, https:\/\/side-car.ca\/wp-content\/uploads\/2024\/08\/Patrice-Lemieux-Montreal-Auto-Prix-Lequilibre-300x169.jpeg 300w, https:\/\/side-car.ca\/wp-content\/uploads\/2024\/08\/Patrice-Lemieux-Montreal-Auto-Prix-Lequilibre-768x432.jpeg 768w\" sizes=\"(max-width: 848px) 100vw, 848px\" \/>\t\t\t\t\t\t\t\t\t\t\t\t\t\t\t\t<div class=\"elementor-custom-embed-play\" role=\"button\" aria-label=\"Lire la vid\u00e9o\" tabindex=\"0\">\n\t\t\t\t\t\t\t<svg xmlns=\"http:\/\/www.w3.org\/2000\/svg\" xmlns:xlink=\"http:\/\/www.w3.org\/1999\/xlink\" width=\"72.000000\" height=\"72.000000\" viewBox=\"0 0 72 72\" fill=\"none\"><desc>\t\t\tCreated with Pixso.\t<\/desc><defs><\/defs><g style=\"mix-blend-mode:normal\"><circle id=\"Ellipse 1\" cx=\"36.000000\" cy=\"36.000000\" r=\"36.000000\" fill=\"#FFFFFF\" fill-opacity=\"0\"><\/circle><circle id=\"Ellipse 1\" cx=\"36.000000\" cy=\"36.000000\" r=\"35.000000\" stroke=\"#FFFFFF\" stroke-opacity=\"1.000000\" stroke-width=\"2.000000\"><\/circle><\/g><g style=\"mix-blend-mode:normal\"><path id=\"Polygon 1\" d=\"M52.27 36L26.93 50L26.93 21.99L52.27 36Z\" fill=\"#FFFFFF\" fill-opacity=\"0\" fill-rule=\"evenodd\"><\/path><path id=\"Polygon 1\" d=\"M28.93 48.89L26.93 50L26.93 21.99L28.93 23.1L50.2 34.85L52.27 36L28.93 48.89ZM28.93 46.61L28.93 25.38L48.13 36L28.93 46.61Z\" fill=\"#FFFFFF\" fill-opacity=\"1.000000\" fill-rule=\"evenodd\"><\/path><\/g><\/svg>\t\t\t\t\t\t\t<span class=\"elementor-screen-only\">Lire la vid\u00e9o<\/span>\n\t\t\t\t\t\t<\/div>\n\t\t\t\t\t\t\t\t\t<\/div>\n\t\t\t\t\t<\/div>\n\t\t\t\t<\/div>\n\t\t\t\t<\/div>\n\t\t\t\t<div class=\"elementor-element elementor-element-a480e7d elementor-widget elementor-widget-video\" data-id=\"a480e7d\" data-element_type=\"widget\" data-settings=\"{&quot;show_image_overlay&quot;:&quot;yes&quot;,&quot;image_overlay&quot;:{&quot;url&quot;:&quot;https:\\\/\\\/side-car.ca\\\/wp-content\\\/uploads\\\/2024\\\/08\\\/Patrice-Lemieux-Operation-Nez-Rouge.jpeg&quot;,&quot;id&quot;:8512,&quot;size&quot;:&quot;&quot;,&quot;alt&quot;:&quot;&quot;,&quot;source&quot;:&quot;library&quot;},&quot;lightbox&quot;:&quot;yes&quot;,&quot;video_type&quot;:&quot;hosted&quot;}\" data-widget_type=\"video.default\">\n\t\t\t\t<div class=\"elementor-widget-container\">\n\t\t\t\t\t<div class=\"e-hosted-video elementor-wrapper elementor-open-lightbox\">\n\t\t\t\t\t\t\t<div class=\"elementor-custom-embed-image-overlay\" data-elementor-open-lightbox=\"yes\" data-elementor-lightbox=\"{&quot;type&quot;:&quot;video&quot;,&quot;videoType&quot;:&quot;hosted&quot;,&quot;url&quot;:&quot;https:\\\/\\\/side-car.ca\\\/wp-content\\\/uploads\\\/2024\\\/10\\\/Patrice-Lemieux-Operation-Nez-Rouge.mp4&quot;,&quot;autoplay&quot;:&quot;&quot;,&quot;modalOptions&quot;:{&quot;id&quot;:&quot;elementor-lightbox-a480e7d&quot;,&quot;entranceAnimation&quot;:&quot;&quot;,&quot;entranceAnimation_tablet&quot;:&quot;&quot;,&quot;entranceAnimation_mobile&quot;:&quot;&quot;,&quot;videoAspectRatio&quot;:&quot;169&quot;},&quot;videoParams&quot;:{&quot;preload&quot;:&quot;metadata&quot;,&quot;controlsList&quot;:&quot;nodownload&quot;,&quot;poster&quot;:&quot;https:\\\/\\\/side-car.ca\\\/wp-content\\\/uploads\\\/2024\\\/08\\\/Patrice-Lemieux-Montreal-Auto-Prix-Lequilibre.jpeg&quot;}}\" data-e-action-hash=\"#elementor-action%3Aaction%3Dlightbox%26settings%3DeyJ0eXBlIjoidmlkZW8iLCJ2aWRlb1R5cGUiOiJob3N0ZWQiLCJ1cmwiOiJodHRwczpcL1wvc2lkZS1jYXIuY2FcL3dwLWNvbnRlbnRcL3VwbG9hZHNcLzIwMjRcLzEwXC9QYXRyaWNlLUxlbWlldXgtT3BlcmF0aW9uLU5lei1Sb3VnZS5tcDQiLCJhdXRvcGxheSI6IiIsIm1vZGFsT3B0aW9ucyI6eyJpZCI6ImVsZW1lbnRvci1saWdodGJveC1hNDgwZTdkIiwiZW50cmFuY2VBbmltYXRpb24iOiIiLCJlbnRyYW5jZUFuaW1hdGlvbl90YWJsZXQiOiIiLCJlbnRyYW5jZUFuaW1hdGlvbl9tb2JpbGUiOiIiLCJ2aWRlb0FzcGVjdFJhdGlvIjoiMTY5In0sInZpZGVvUGFyYW1zIjp7InByZWxvYWQiOiJtZXRhZGF0YSIsImNvbnRyb2xzTGlzdCI6Im5vZG93bmxvYWQiLCJwb3N0ZXIiOiJodHRwczpcL1wvc2lkZS1jYXIuY2FcL3dwLWNvbnRlbnRcL3VwbG9hZHNcLzIwMjRcLzA4XC9QYXRyaWNlLUxlbWlldXgtTW9udHJlYWwtQXV0by1Qcml4LUxlcXVpbGlicmUuanBlZyJ9fQ%3D%3D\">\n\t\t\t\t\t\t\t\t\t\t\t<img loading=\"lazy\" decoding=\"async\" width=\"848\" height=\"477\" src=\"https:\/\/side-car.ca\/wp-content\/uploads\/2024\/08\/Patrice-Lemieux-Operation-Nez-Rouge.jpeg\" class=\"attachment-full size-full wp-image-8512\" alt=\"\" srcset=\"https:\/\/side-car.ca\/wp-content\/uploads\/2024\/08\/Patrice-Lemieux-Operation-Nez-Rouge.jpeg 848w, https:\/\/side-car.ca\/wp-content\/uploads\/2024\/08\/Patrice-Lemieux-Operation-Nez-Rouge-300x169.jpeg 300w, https:\/\/side-car.ca\/wp-content\/uploads\/2024\/08\/Patrice-Lemieux-Operation-Nez-Rouge-768x432.jpeg 768w\" sizes=\"(max-width: 848px) 100vw, 848px\" \/>\t\t\t\t\t\t\t\t\t\t\t\t\t\t\t\t<div class=\"elementor-custom-embed-play\" role=\"button\" aria-label=\"Lire la vid\u00e9o\" tabindex=\"0\">\n\t\t\t\t\t\t\t<svg xmlns=\"http:\/\/www.w3.org\/2000\/svg\" xmlns:xlink=\"http:\/\/www.w3.org\/1999\/xlink\" width=\"72.000000\" height=\"72.000000\" viewBox=\"0 0 72 72\" fill=\"none\"><desc>\t\t\tCreated with Pixso.\t<\/desc><defs><\/defs><g style=\"mix-blend-mode:normal\"><circle id=\"Ellipse 1\" cx=\"36.000000\" cy=\"36.000000\" r=\"36.000000\" fill=\"#FFFFFF\" fill-opacity=\"0\"><\/circle><circle id=\"Ellipse 1\" cx=\"36.000000\" cy=\"36.000000\" r=\"35.000000\" stroke=\"#FFFFFF\" stroke-opacity=\"1.000000\" stroke-width=\"2.000000\"><\/circle><\/g><g style=\"mix-blend-mode:normal\"><path id=\"Polygon 1\" d=\"M52.27 36L26.93 50L26.93 21.99L52.27 36Z\" fill=\"#FFFFFF\" fill-opacity=\"0\" fill-rule=\"evenodd\"><\/path><path id=\"Polygon 1\" d=\"M28.93 48.89L26.93 50L26.93 21.99L28.93 23.1L50.2 34.85L52.27 36L28.93 48.89ZM28.93 46.61L28.93 25.38L48.13 36L28.93 46.61Z\" fill=\"#FFFFFF\" fill-opacity=\"1.000000\" fill-rule=\"evenodd\"><\/path><\/g><\/svg>\t\t\t\t\t\t\t<span class=\"elementor-screen-only\">Lire la vid\u00e9o<\/span>\n\t\t\t\t\t\t<\/div>\n\t\t\t\t\t\t\t\t\t<\/div>\n\t\t\t\t\t<\/div>\n\t\t\t\t<\/div>\n\t\t\t\t<\/div>\n\t\t\t\t<div class=\"elementor-element elementor-element-69ed478 elementor-widget elementor-widget-video\" data-id=\"69ed478\" data-element_type=\"widget\" data-settings=\"{&quot;show_image_overlay&quot;:&quot;yes&quot;,&quot;image_overlay&quot;:{&quot;url&quot;:&quot;https:\\\/\\\/side-car.ca\\\/wp-content\\\/uploads\\\/2024\\\/08\\\/Patrice-Lemieux-Montreal-Auto-Prix-le-cadeau.jpeg&quot;,&quot;id&quot;:8513,&quot;size&quot;:&quot;&quot;,&quot;alt&quot;:&quot;&quot;,&quot;source&quot;:&quot;library&quot;},&quot;lightbox&quot;:&quot;yes&quot;,&quot;video_type&quot;:&quot;hosted&quot;}\" data-widget_type=\"video.default\">\n\t\t\t\t<div class=\"elementor-widget-container\">\n\t\t\t\t\t<div class=\"e-hosted-video elementor-wrapper elementor-open-lightbox\">\n\t\t\t\t\t\t\t<div class=\"elementor-custom-embed-image-overlay\" data-elementor-open-lightbox=\"yes\" data-elementor-lightbox=\"{&quot;type&quot;:&quot;video&quot;,&quot;videoType&quot;:&quot;hosted&quot;,&quot;url&quot;:&quot;https:\\\/\\\/side-car.ca\\\/wp-content\\\/uploads\\\/2024\\\/10\\\/Patrice-Lemieux-Montreal-Auto-Prix-le-cadeau.mp4&quot;,&quot;autoplay&quot;:&quot;&quot;,&quot;modalOptions&quot;:{&quot;id&quot;:&quot;elementor-lightbox-69ed478&quot;,&quot;entranceAnimation&quot;:&quot;&quot;,&quot;entranceAnimation_tablet&quot;:&quot;&quot;,&quot;entranceAnimation_mobile&quot;:&quot;&quot;,&quot;videoAspectRatio&quot;:&quot;169&quot;},&quot;videoParams&quot;:{&quot;preload&quot;:&quot;metadata&quot;,&quot;controlsList&quot;:&quot;nodownload&quot;,&quot;poster&quot;:&quot;https:\\\/\\\/side-car.ca\\\/wp-content\\\/uploads\\\/2024\\\/08\\\/Patrice-Lemieux-Montreal-Auto-Prix-Lequilibre.jpeg&quot;}}\" data-e-action-hash=\"#elementor-action%3Aaction%3Dlightbox%26settings%3DeyJ0eXBlIjoidmlkZW8iLCJ2aWRlb1R5cGUiOiJob3N0ZWQiLCJ1cmwiOiJodHRwczpcL1wvc2lkZS1jYXIuY2FcL3dwLWNvbnRlbnRcL3VwbG9hZHNcLzIwMjRcLzEwXC9QYXRyaWNlLUxlbWlldXgtTW9udHJlYWwtQXV0by1Qcml4LWxlLWNhZGVhdS5tcDQiLCJhdXRvcGxheSI6IiIsIm1vZGFsT3B0aW9ucyI6eyJpZCI6ImVsZW1lbnRvci1saWdodGJveC02OWVkNDc4IiwiZW50cmFuY2VBbmltYXRpb24iOiIiLCJlbnRyYW5jZUFuaW1hdGlvbl90YWJsZXQiOiIiLCJlbnRyYW5jZUFuaW1hdGlvbl9tb2JpbGUiOiIiLCJ2aWRlb0FzcGVjdFJhdGlvIjoiMTY5In0sInZpZGVvUGFyYW1zIjp7InByZWxvYWQiOiJtZXRhZGF0YSIsImNvbnRyb2xzTGlzdCI6Im5vZG93bmxvYWQiLCJwb3N0ZXIiOiJodHRwczpcL1wvc2lkZS1jYXIuY2FcL3dwLWNvbnRlbnRcL3VwbG9hZHNcLzIwMjRcLzA4XC9QYXRyaWNlLUxlbWlldXgtTW9udHJlYWwtQXV0by1Qcml4LUxlcXVpbGlicmUuanBlZyJ9fQ%3D%3D\">\n\t\t\t\t\t\t\t\t\t\t\t<img loading=\"lazy\" decoding=\"async\" width=\"848\" height=\"477\" src=\"https:\/\/side-car.ca\/wp-content\/uploads\/2024\/08\/Patrice-Lemieux-Montreal-Auto-Prix-le-cadeau.jpeg\" class=\"attachment-full size-full wp-image-8513\" alt=\"\" srcset=\"https:\/\/side-car.ca\/wp-content\/uploads\/2024\/08\/Patrice-Lemieux-Montreal-Auto-Prix-le-cadeau.jpeg 848w, https:\/\/side-car.ca\/wp-content\/uploads\/2024\/08\/Patrice-Lemieux-Montreal-Auto-Prix-le-cadeau-300x169.jpeg 300w, https:\/\/side-car.ca\/wp-content\/uploads\/2024\/08\/Patrice-Lemieux-Montreal-Auto-Prix-le-cadeau-768x432.jpeg 768w\" sizes=\"(max-width: 848px) 100vw, 848px\" \/>\t\t\t\t\t\t\t\t\t\t\t\t\t\t\t\t<div class=\"elementor-custom-embed-play\" role=\"button\" aria-label=\"Lire la vid\u00e9o\" tabindex=\"0\">\n\t\t\t\t\t\t\t<svg xmlns=\"http:\/\/www.w3.org\/2000\/svg\" xmlns:xlink=\"http:\/\/www.w3.org\/1999\/xlink\" width=\"72.000000\" height=\"72.000000\" viewBox=\"0 0 72 72\" fill=\"none\"><desc>\t\t\tCreated with Pixso.\t<\/desc><defs><\/defs><g style=\"mix-blend-mode:normal\"><circle id=\"Ellipse 1\" cx=\"36.000000\" cy=\"36.000000\" r=\"36.000000\" fill=\"#FFFFFF\" fill-opacity=\"0\"><\/circle><circle id=\"Ellipse 1\" cx=\"36.000000\" cy=\"36.000000\" r=\"35.000000\" stroke=\"#FFFFFF\" stroke-opacity=\"1.000000\" stroke-width=\"2.000000\"><\/circle><\/g><g style=\"mix-blend-mode:normal\"><path id=\"Polygon 1\" d=\"M52.27 36L26.93 50L26.93 21.99L52.27 36Z\" fill=\"#FFFFFF\" fill-opacity=\"0\" fill-rule=\"evenodd\"><\/path><path id=\"Polygon 1\" d=\"M28.93 48.89L26.93 50L26.93 21.99L28.93 23.1L50.2 34.85L52.27 36L28.93 48.89ZM28.93 46.61L28.93 25.38L48.13 36L28.93 46.61Z\" fill=\"#FFFFFF\" fill-opacity=\"1.000000\" fill-rule=\"evenodd\"><\/path><\/g><\/svg>\t\t\t\t\t\t\t<span class=\"elementor-screen-only\">Lire la vid\u00e9o<\/span>\n\t\t\t\t\t\t<\/div>\n\t\t\t\t\t\t\t\t\t<\/div>\n\t\t\t\t\t<\/div>\n\t\t\t\t<\/div>\n\t\t\t\t<\/div>\n\t\t\t\t<div class=\"elementor-element elementor-element-130a675 elementor-widget elementor-widget-video\" data-id=\"130a675\" data-element_type=\"widget\" data-settings=\"{&quot;show_image_overlay&quot;:&quot;yes&quot;,&quot;image_overlay&quot;:{&quot;url&quot;:&quot;https:\\\/\\\/side-car.ca\\\/wp-content\\\/uploads\\\/2024\\\/08\\\/Patrice-Lemieux-Montreal-Auto-Prix-Jaime-juste-ca.jpeg&quot;,&quot;id&quot;:8519,&quot;size&quot;:&quot;&quot;,&quot;alt&quot;:&quot;&quot;,&quot;source&quot;:&quot;library&quot;},&quot;lightbox&quot;:&quot;yes&quot;,&quot;video_type&quot;:&quot;hosted&quot;}\" data-widget_type=\"video.default\">\n\t\t\t\t<div class=\"elementor-widget-container\">\n\t\t\t\t\t<div class=\"e-hosted-video elementor-wrapper elementor-open-lightbox\">\n\t\t\t\t\t\t\t<div class=\"elementor-custom-embed-image-overlay\" data-elementor-open-lightbox=\"yes\" data-elementor-lightbox=\"{&quot;type&quot;:&quot;video&quot;,&quot;videoType&quot;:&quot;hosted&quot;,&quot;url&quot;:&quot;https:\\\/\\\/side-car.ca\\\/wp-content\\\/uploads\\\/2024\\\/10\\\/Patrice-Lemieux-Montreal-Auto-Prix-Jaime-juste-ca.mp4&quot;,&quot;autoplay&quot;:&quot;&quot;,&quot;modalOptions&quot;:{&quot;id&quot;:&quot;elementor-lightbox-130a675&quot;,&quot;entranceAnimation&quot;:&quot;&quot;,&quot;entranceAnimation_tablet&quot;:&quot;&quot;,&quot;entranceAnimation_mobile&quot;:&quot;&quot;,&quot;videoAspectRatio&quot;:&quot;169&quot;},&quot;videoParams&quot;:{&quot;preload&quot;:&quot;metadata&quot;,&quot;controlsList&quot;:&quot;nodownload&quot;,&quot;poster&quot;:&quot;https:\\\/\\\/side-car.ca\\\/wp-content\\\/uploads\\\/2024\\\/08\\\/Patrice-Lemieux-Montreal-Auto-Prix-Lequilibre.jpeg&quot;}}\" data-e-action-hash=\"#elementor-action%3Aaction%3Dlightbox%26settings%3DeyJ0eXBlIjoidmlkZW8iLCJ2aWRlb1R5cGUiOiJob3N0ZWQiLCJ1cmwiOiJodHRwczpcL1wvc2lkZS1jYXIuY2FcL3dwLWNvbnRlbnRcL3VwbG9hZHNcLzIwMjRcLzEwXC9QYXRyaWNlLUxlbWlldXgtTW9udHJlYWwtQXV0by1Qcml4LUphaW1lLWp1c3RlLWNhLm1wNCIsImF1dG9wbGF5IjoiIiwibW9kYWxPcHRpb25zIjp7ImlkIjoiZWxlbWVudG9yLWxpZ2h0Ym94LTEzMGE2NzUiLCJlbnRyYW5jZUFuaW1hdGlvbiI6IiIsImVudHJhbmNlQW5pbWF0aW9uX3RhYmxldCI6IiIsImVudHJhbmNlQW5pbWF0aW9uX21vYmlsZSI6IiIsInZpZGVvQXNwZWN0UmF0aW8iOiIxNjkifSwidmlkZW9QYXJhbXMiOnsicHJlbG9hZCI6Im1ldGFkYXRhIiwiY29udHJvbHNMaXN0Ijoibm9kb3dubG9hZCIsInBvc3RlciI6Imh0dHBzOlwvXC9zaWRlLWNhci5jYVwvd3AtY29udGVudFwvdXBsb2Fkc1wvMjAyNFwvMDhcL1BhdHJpY2UtTGVtaWV1eC1Nb250cmVhbC1BdXRvLVByaXgtTGVxdWlsaWJyZS5qcGVnIn19\">\n\t\t\t\t\t\t\t\t\t\t\t<img loading=\"lazy\" decoding=\"async\" width=\"848\" height=\"477\" src=\"https:\/\/side-car.ca\/wp-content\/uploads\/2024\/08\/Patrice-Lemieux-Montreal-Auto-Prix-Jaime-juste-ca.jpeg\" class=\"attachment-full size-full wp-image-8519\" alt=\"\" srcset=\"https:\/\/side-car.ca\/wp-content\/uploads\/2024\/08\/Patrice-Lemieux-Montreal-Auto-Prix-Jaime-juste-ca.jpeg 848w, https:\/\/side-car.ca\/wp-content\/uploads\/2024\/08\/Patrice-Lemieux-Montreal-Auto-Prix-Jaime-juste-ca-300x169.jpeg 300w, https:\/\/side-car.ca\/wp-content\/uploads\/2024\/08\/Patrice-Lemieux-Montreal-Auto-Prix-Jaime-juste-ca-768x432.jpeg 768w\" sizes=\"(max-width: 848px) 100vw, 848px\" \/>\t\t\t\t\t\t\t\t\t\t\t\t\t\t\t\t<div class=\"elementor-custom-embed-play\" role=\"button\" aria-label=\"Lire la vid\u00e9o\" tabindex=\"0\">\n\t\t\t\t\t\t\t<svg xmlns=\"http:\/\/www.w3.org\/2000\/svg\" xmlns:xlink=\"http:\/\/www.w3.org\/1999\/xlink\" width=\"72.000000\" height=\"72.000000\" viewBox=\"0 0 72 72\" fill=\"none\"><desc>\t\t\tCreated with Pixso.\t<\/desc><defs><\/defs><g style=\"mix-blend-mode:normal\"><circle id=\"Ellipse 1\" cx=\"36.000000\" cy=\"36.000000\" r=\"36.000000\" fill=\"#FFFFFF\" fill-opacity=\"0\"><\/circle><circle id=\"Ellipse 1\" cx=\"36.000000\" cy=\"36.000000\" r=\"35.000000\" stroke=\"#FFFFFF\" stroke-opacity=\"1.000000\" stroke-width=\"2.000000\"><\/circle><\/g><g style=\"mix-blend-mode:normal\"><path id=\"Polygon 1\" d=\"M52.27 36L26.93 50L26.93 21.99L52.27 36Z\" fill=\"#FFFFFF\" fill-opacity=\"0\" fill-rule=\"evenodd\"><\/path><path id=\"Polygon 1\" d=\"M28.93 48.89L26.93 50L26.93 21.99L28.93 23.1L50.2 34.85L52.27 36L28.93 48.89ZM28.93 46.61L28.93 25.38L48.13 36L28.93 46.61Z\" fill=\"#FFFFFF\" fill-opacity=\"1.000000\" fill-rule=\"evenodd\"><\/path><\/g><\/svg>\t\t\t\t\t\t\t<span class=\"elementor-screen-only\">Lire la vid\u00e9o<\/span>\n\t\t\t\t\t\t<\/div>\n\t\t\t\t\t\t\t\t\t<\/div>\n\t\t\t\t\t<\/div>\n\t\t\t\t<\/div>\n\t\t\t\t<\/div>\n\t\t\t\t\t<\/div>\n\t\t\t\t<\/div>\n\t\t\t\t<\/div>\n\t\t","protected":false},"featured_media":7834,"parent":0,"template":"","meta":{"_acf_changed":false,"inline_featured_image":false},"class_list":["post-7832","realisation","type-realisation","status-publish","has-post-thumbnail","hentry"],"acf":[],"yoast_head":"<!-- This site is optimized with the Yoast SEO plugin v27.4 - https:\/\/yoast.com\/product\/yoast-seo-wordpress\/ -->\n<title>Montr\u00e9al Auto Prix | Side-Car<\/title>\n<meta name=\"description\" content=\"Un cas \u00e0 succ\u00e8s - Depuis plus de 13 ans, Side-Car s\u2019occupe de l\u2019image de marque de Montr\u00e9al Auto Prix. Les diff\u00e9rents ambassadeurs, dont Patrice Lemieux et Georges Laraque qui se sont succ\u00e9d\u00e9 pour faire conna\u00eetre ce d\u00e9taillant automobile, auront contribu\u00e9 \u00e0 propulser lanotori\u00e9t\u00e9 de la marque de Montr\u00e9al Auto Prix au sommet dans son industrie et \u00e0 \u00eatre cit\u00e9 dans le livre \u00abLe code Qu\u00e9bec\u00bb.\" \/>\n<meta name=\"robots\" content=\"index, follow, max-snippet:-1, max-image-preview:large, max-video-preview:-1\" \/>\n<link rel=\"canonical\" href=\"https:\/\/side-car.ca\/fr\/realisation\/montreal-auto-prix\/\" \/>\n<meta property=\"og:locale\" content=\"fr_CA\" \/>\n<meta property=\"og:type\" content=\"article\" \/>\n<meta property=\"og:title\" content=\"Montr\u00e9al Auto Prix | Side-Car\" \/>\n<meta property=\"og:description\" content=\"Un cas \u00e0 succ\u00e8s - Depuis plus de 13 ans, Side-Car s\u2019occupe de l\u2019image de marque de Montr\u00e9al Auto Prix. Les diff\u00e9rents ambassadeurs, dont Patrice Lemieux et Georges Laraque qui se sont succ\u00e9d\u00e9 pour faire conna\u00eetre ce d\u00e9taillant automobile, auront contribu\u00e9 \u00e0 propulser lanotori\u00e9t\u00e9 de la marque de Montr\u00e9al Auto Prix au sommet dans son industrie et \u00e0 \u00eatre cit\u00e9 dans le livre \u00abLe code Qu\u00e9bec\u00bb.\" \/>\n<meta property=\"og:url\" content=\"https:\/\/side-car.ca\/fr\/realisation\/montreal-auto-prix\/\" \/>\n<meta property=\"og:site_name\" content=\"Side-Car\" \/>\n<meta property=\"article:publisher\" content=\"https:\/\/www.facebook.com\/AgenceSideCar\" \/>\n<meta property=\"article:modified_time\" content=\"2024-12-13T15:53:52+00:00\" \/>\n<meta property=\"og:image\" content=\"https:\/\/side-car.ca\/wp-content\/uploads\/2024\/08\/autoprix.jpg\" \/>\n\t<meta property=\"og:image:width\" content=\"565\" \/>\n\t<meta property=\"og:image:height\" content=\"565\" \/>\n\t<meta property=\"og:image:type\" content=\"image\/jpeg\" \/>\n<meta name=\"twitter:card\" content=\"summary_large_image\" \/>\n<meta name=\"twitter:label1\" content=\"Estimation du temps de lecture\" \/>\n\t<meta name=\"twitter:data1\" content=\"3 minutes\" \/>\n<script type=\"application\/ld+json\" class=\"yoast-schema-graph\">{\"@context\":\"https:\\\/\\\/schema.org\",\"@graph\":[{\"@type\":\"WebPage\",\"@id\":\"https:\\\/\\\/side-car.ca\\\/fr\\\/realisation\\\/montreal-auto-prix\\\/\",\"url\":\"https:\\\/\\\/side-car.ca\\\/fr\\\/realisation\\\/montreal-auto-prix\\\/\",\"name\":\"Montr\u00e9al Auto Prix | Side-Car\",\"isPartOf\":{\"@id\":\"https:\\\/\\\/side-car.ca\\\/fr\\\/#website\"},\"primaryImageOfPage\":{\"@id\":\"https:\\\/\\\/side-car.ca\\\/fr\\\/realisation\\\/montreal-auto-prix\\\/#primaryimage\"},\"image\":{\"@id\":\"https:\\\/\\\/side-car.ca\\\/fr\\\/realisation\\\/montreal-auto-prix\\\/#primaryimage\"},\"thumbnailUrl\":\"https:\\\/\\\/side-car.ca\\\/wp-content\\\/uploads\\\/2024\\\/08\\\/autoprix.jpg\",\"datePublished\":\"2024-08-25T15:23:32+00:00\",\"dateModified\":\"2024-12-13T15:53:52+00:00\",\"description\":\"Un cas \u00e0 succ\u00e8s - Depuis plus de 13 ans, Side-Car s\u2019occupe de l\u2019image de marque de Montr\u00e9al Auto Prix. Les diff\u00e9rents ambassadeurs, dont Patrice Lemieux et Georges Laraque qui se sont succ\u00e9d\u00e9 pour faire conna\u00eetre ce d\u00e9taillant automobile, auront contribu\u00e9 \u00e0 propulser lanotori\u00e9t\u00e9 de la marque de Montr\u00e9al Auto Prix au sommet dans son industrie et \u00e0 \u00eatre cit\u00e9 dans le livre \u00abLe code Qu\u00e9bec\u00bb.\",\"breadcrumb\":{\"@id\":\"https:\\\/\\\/side-car.ca\\\/fr\\\/realisation\\\/montreal-auto-prix\\\/#breadcrumb\"},\"inLanguage\":\"fr-CA\",\"potentialAction\":[{\"@type\":\"ReadAction\",\"target\":[\"https:\\\/\\\/side-car.ca\\\/fr\\\/realisation\\\/montreal-auto-prix\\\/\"]}]},{\"@type\":\"ImageObject\",\"inLanguage\":\"fr-CA\",\"@id\":\"https:\\\/\\\/side-car.ca\\\/fr\\\/realisation\\\/montreal-auto-prix\\\/#primaryimage\",\"url\":\"https:\\\/\\\/side-car.ca\\\/wp-content\\\/uploads\\\/2024\\\/08\\\/autoprix.jpg\",\"contentUrl\":\"https:\\\/\\\/side-car.ca\\\/wp-content\\\/uploads\\\/2024\\\/08\\\/autoprix.jpg\",\"width\":565,\"height\":565},{\"@type\":\"BreadcrumbList\",\"@id\":\"https:\\\/\\\/side-car.ca\\\/fr\\\/realisation\\\/montreal-auto-prix\\\/#breadcrumb\",\"itemListElement\":[{\"@type\":\"ListItem\",\"position\":1,\"name\":\"Accueil\",\"item\":\"https:\\\/\\\/side-car.ca\\\/fr\\\/\"},{\"@type\":\"ListItem\",\"position\":2,\"name\":\"R\u00e9alisations\",\"item\":\"https:\\\/\\\/side-car.ca\\\/fr\\\/realisations\\\/\"},{\"@type\":\"ListItem\",\"position\":3,\"name\":\"Montr\u00e9al Auto Prix\"}]},{\"@type\":\"WebSite\",\"@id\":\"https:\\\/\\\/side-car.ca\\\/fr\\\/#website\",\"url\":\"https:\\\/\\\/side-car.ca\\\/fr\\\/\",\"name\":\"Agence Side-Car\",\"description\":\"Nous sommes sp\u00e9cialis\u00e9s en communication, marketing et num\u00e9rique.\",\"publisher\":{\"@id\":\"https:\\\/\\\/side-car.ca\\\/fr\\\/#organization\"},\"alternateName\":\"Side-Car\",\"potentialAction\":[{\"@type\":\"SearchAction\",\"target\":{\"@type\":\"EntryPoint\",\"urlTemplate\":\"https:\\\/\\\/side-car.ca\\\/fr\\\/?s={search_term_string}\"},\"query-input\":{\"@type\":\"PropertyValueSpecification\",\"valueRequired\":true,\"valueName\":\"search_term_string\"}}],\"inLanguage\":\"fr-CA\"},{\"@type\":\"Organization\",\"@id\":\"https:\\\/\\\/side-car.ca\\\/fr\\\/#organization\",\"name\":\"Side-Car\",\"url\":\"https:\\\/\\\/side-car.ca\\\/fr\\\/\",\"logo\":{\"@type\":\"ImageObject\",\"inLanguage\":\"fr-CA\",\"@id\":\"https:\\\/\\\/side-car.ca\\\/fr\\\/#\\\/schema\\\/logo\\\/image\\\/\",\"url\":\"https:\\\/\\\/side-car.ca\\\/wp-content\\\/uploads\\\/2024\\\/10\\\/Favicon.png\",\"contentUrl\":\"https:\\\/\\\/side-car.ca\\\/wp-content\\\/uploads\\\/2024\\\/10\\\/Favicon.png\",\"width\":1920,\"height\":1920,\"caption\":\"Side-Car\"},\"image\":{\"@id\":\"https:\\\/\\\/side-car.ca\\\/fr\\\/#\\\/schema\\\/logo\\\/image\\\/\"},\"sameAs\":[\"https:\\\/\\\/www.facebook.com\\\/AgenceSideCar\",\"https:\\\/\\\/www.linkedin.com\\\/company\\\/agencesidecar\\\/\",\"https:\\\/\\\/www.instagram.com\\\/sidecaragence\\\/\"]}]}<\/script>\n<!-- \/ Yoast SEO plugin. -->","yoast_head_json":{"title":"Montr\u00e9al Auto Prix | Side-Car","description":"Un cas \u00e0 succ\u00e8s - Depuis plus de 13 ans, Side-Car s\u2019occupe de l\u2019image de marque de Montr\u00e9al Auto Prix. Les diff\u00e9rents ambassadeurs, dont Patrice Lemieux et Georges Laraque qui se sont succ\u00e9d\u00e9 pour faire conna\u00eetre ce d\u00e9taillant automobile, auront contribu\u00e9 \u00e0 propulser lanotori\u00e9t\u00e9 de la marque de Montr\u00e9al Auto Prix au sommet dans son industrie et \u00e0 \u00eatre cit\u00e9 dans le livre \u00abLe code Qu\u00e9bec\u00bb.","robots":{"index":"index","follow":"follow","max-snippet":"max-snippet:-1","max-image-preview":"max-image-preview:large","max-video-preview":"max-video-preview:-1"},"canonical":"https:\/\/side-car.ca\/fr\/realisation\/montreal-auto-prix\/","og_locale":"fr_CA","og_type":"article","og_title":"Montr\u00e9al Auto Prix | Side-Car","og_description":"Un cas \u00e0 succ\u00e8s - Depuis plus de 13 ans, Side-Car s\u2019occupe de l\u2019image de marque de Montr\u00e9al Auto Prix. Les diff\u00e9rents ambassadeurs, dont Patrice Lemieux et Georges Laraque qui se sont succ\u00e9d\u00e9 pour faire conna\u00eetre ce d\u00e9taillant automobile, auront contribu\u00e9 \u00e0 propulser lanotori\u00e9t\u00e9 de la marque de Montr\u00e9al Auto Prix au sommet dans son industrie et \u00e0 \u00eatre cit\u00e9 dans le livre \u00abLe code Qu\u00e9bec\u00bb.","og_url":"https:\/\/side-car.ca\/fr\/realisation\/montreal-auto-prix\/","og_site_name":"Side-Car","article_publisher":"https:\/\/www.facebook.com\/AgenceSideCar","article_modified_time":"2024-12-13T15:53:52+00:00","og_image":[{"width":565,"height":565,"url":"https:\/\/side-car.ca\/wp-content\/uploads\/2024\/08\/autoprix.jpg","type":"image\/jpeg"}],"twitter_card":"summary_large_image","twitter_misc":{"Estimation du temps de lecture":"3 minutes"},"schema":{"@context":"https:\/\/schema.org","@graph":[{"@type":"WebPage","@id":"https:\/\/side-car.ca\/fr\/realisation\/montreal-auto-prix\/","url":"https:\/\/side-car.ca\/fr\/realisation\/montreal-auto-prix\/","name":"Montr\u00e9al Auto Prix | Side-Car","isPartOf":{"@id":"https:\/\/side-car.ca\/fr\/#website"},"primaryImageOfPage":{"@id":"https:\/\/side-car.ca\/fr\/realisation\/montreal-auto-prix\/#primaryimage"},"image":{"@id":"https:\/\/side-car.ca\/fr\/realisation\/montreal-auto-prix\/#primaryimage"},"thumbnailUrl":"https:\/\/side-car.ca\/wp-content\/uploads\/2024\/08\/autoprix.jpg","datePublished":"2024-08-25T15:23:32+00:00","dateModified":"2024-12-13T15:53:52+00:00","description":"Un cas \u00e0 succ\u00e8s - Depuis plus de 13 ans, Side-Car s\u2019occupe de l\u2019image de marque de Montr\u00e9al Auto Prix. Les diff\u00e9rents ambassadeurs, dont Patrice Lemieux et Georges Laraque qui se sont succ\u00e9d\u00e9 pour faire conna\u00eetre ce d\u00e9taillant automobile, auront contribu\u00e9 \u00e0 propulser lanotori\u00e9t\u00e9 de la marque de Montr\u00e9al Auto Prix au sommet dans son industrie et \u00e0 \u00eatre cit\u00e9 dans le livre \u00abLe code Qu\u00e9bec\u00bb.","breadcrumb":{"@id":"https:\/\/side-car.ca\/fr\/realisation\/montreal-auto-prix\/#breadcrumb"},"inLanguage":"fr-CA","potentialAction":[{"@type":"ReadAction","target":["https:\/\/side-car.ca\/fr\/realisation\/montreal-auto-prix\/"]}]},{"@type":"ImageObject","inLanguage":"fr-CA","@id":"https:\/\/side-car.ca\/fr\/realisation\/montreal-auto-prix\/#primaryimage","url":"https:\/\/side-car.ca\/wp-content\/uploads\/2024\/08\/autoprix.jpg","contentUrl":"https:\/\/side-car.ca\/wp-content\/uploads\/2024\/08\/autoprix.jpg","width":565,"height":565},{"@type":"BreadcrumbList","@id":"https:\/\/side-car.ca\/fr\/realisation\/montreal-auto-prix\/#breadcrumb","itemListElement":[{"@type":"ListItem","position":1,"name":"Accueil","item":"https:\/\/side-car.ca\/fr\/"},{"@type":"ListItem","position":2,"name":"R\u00e9alisations","item":"https:\/\/side-car.ca\/fr\/realisations\/"},{"@type":"ListItem","position":3,"name":"Montr\u00e9al Auto Prix"}]},{"@type":"WebSite","@id":"https:\/\/side-car.ca\/fr\/#website","url":"https:\/\/side-car.ca\/fr\/","name":"Agence Side-Car","description":"Nous sommes sp\u00e9cialis\u00e9s en communication, marketing et num\u00e9rique.","publisher":{"@id":"https:\/\/side-car.ca\/fr\/#organization"},"alternateName":"Side-Car","potentialAction":[{"@type":"SearchAction","target":{"@type":"EntryPoint","urlTemplate":"https:\/\/side-car.ca\/fr\/?s={search_term_string}"},"query-input":{"@type":"PropertyValueSpecification","valueRequired":true,"valueName":"search_term_string"}}],"inLanguage":"fr-CA"},{"@type":"Organization","@id":"https:\/\/side-car.ca\/fr\/#organization","name":"Side-Car","url":"https:\/\/side-car.ca\/fr\/","logo":{"@type":"ImageObject","inLanguage":"fr-CA","@id":"https:\/\/side-car.ca\/fr\/#\/schema\/logo\/image\/","url":"https:\/\/side-car.ca\/wp-content\/uploads\/2024\/10\/Favicon.png","contentUrl":"https:\/\/side-car.ca\/wp-content\/uploads\/2024\/10\/Favicon.png","width":1920,"height":1920,"caption":"Side-Car"},"image":{"@id":"https:\/\/side-car.ca\/fr\/#\/schema\/logo\/image\/"},"sameAs":["https:\/\/www.facebook.com\/AgenceSideCar","https:\/\/www.linkedin.com\/company\/agencesidecar\/","https:\/\/www.instagram.com\/sidecaragence\/"]}]}},"_links":{"self":[{"href":"https:\/\/side-car.ca\/fr\/wp-json\/wp\/v2\/realisation\/7832","targetHints":{"allow":["GET"]}}],"collection":[{"href":"https:\/\/side-car.ca\/fr\/wp-json\/wp\/v2\/realisation"}],"about":[{"href":"https:\/\/side-car.ca\/fr\/wp-json\/wp\/v2\/types\/realisation"}],"version-history":[{"count":28,"href":"https:\/\/side-car.ca\/fr\/wp-json\/wp\/v2\/realisation\/7832\/revisions"}],"predecessor-version":[{"id":10451,"href":"https:\/\/side-car.ca\/fr\/wp-json\/wp\/v2\/realisation\/7832\/revisions\/10451"}],"wp:featuredmedia":[{"embeddable":true,"href":"https:\/\/side-car.ca\/fr\/wp-json\/wp\/v2\/media\/7834"}],"wp:attachment":[{"href":"https:\/\/side-car.ca\/fr\/wp-json\/wp\/v2\/media?parent=7832"}],"curies":[{"name":"wp","href":"https:\/\/api.w.org\/{rel}","templated":true}]}}